{"id":92,"date":"2026-01-04T11:54:09","date_gmt":"2026-01-04T10:54:09","guid":{"rendered":"https:\/\/kss.amuz.krakow.pl\/?post_type=team_member&#038;p=92"},"modified":"2026-01-04T13:06:24","modified_gmt":"2026-01-04T12:06:24","slug":"mgr-julia-blachuta","status":"publish","type":"team_member","link":"https:\/\/kss.amuz.krakow.pl\/?team_member=mgr-julia-blachuta","title":{"rendered":"mgr Julia B\u0142achuta"},"content":{"rendered":"\n<p>Polska skrzypaczka urodzona w 2001 roku w Krakowie. Nauk\u0119 gry na skrzypcach rozpocz\u0119\u0142a w wieku siedmiu lat, a ju\u017c pi\u0119\u0107 lat p\u00f3\u017aniej zadebiutowa\u0142a z orkiestr\u0105, wykonuj\u0105c <em>II Koncert skrzypcowy<\/em> Henryka Wieniawskiego z orkiestr\u0105 Fresco Sonare. W wieku siedemnastu lat uko\u0144czy\u0142a trzyletni program studi\u00f3w w presti\u017cowej Universit\u00e4t f\u00fcr Musik und darstellende Kunst w Wiedniu, jednocze\u015bnie rozwijaj\u0105c warsztat w Pa\u0144stwowej Szkole Muzycznej II stopnia im. W. \u017bele\u0144skiego w Krakowie oraz \u0142\u0105cz\u0105c edukacj\u0119 muzyczn\u0105 z og\u00f3lnokszta\u0142c\u0105c\u0105 w V Liceum Og\u00f3lnokszta\u0142c\u0105cym im. A. Witkowskiego.<\/p>\n\n\n\n<p><\/p>\n\n\n\n<p>Absolwentka Akademii Muzycznej im. Feliksa Nowowiejskiego w Bydgoszczy w klasie prof. Marcina Baranowskiego, gdzie uko\u0144czy\u0142a studia z wyr\u00f3\u017cnieniem, czterokrotnie otrzymuj\u0105c stypendium Rektora za wybitne osi\u0105gni\u0119cia dla najlepszych student\u00f3w uczelni. R\u00f3wnolegle kszta\u0142ci\u0142a si\u0119 w Royal College of Music w Londynie pod kierunkiem prof. Itzhaka Rashkovsky\u2019ego, uzyskuj\u0105c tytu\u0142 Bachelor of Music z najwy\u017cszym wyr\u00f3\u017cnieniem (First Class Honours). Obecnie Julia jest studentk\u0105 dyplomowego roku jako stypendystka RCM Scholarship, Countess of Munster Musical Trust oraz Drake Calleja Trust. W 2025 roku zosta\u0142a r\u00f3wnie\u017c laureatk\u0105 presti\u017cowego stypendium \u201eM\u0142oda Polska\u201d, przyznawanego przez Ministra Kultury i Dziedzictwa Narodowego najbardziej utalentowanym m\u0142odym artystom w kraju.&nbsp;Od 2025 roku jest tak\u017ce s\u0142uchaczk\u0105 Szko\u0142y Doktorskiej Akademii Muzycznej im. Krzysztofa Pendereckiego w Krakowie, gdzie pracuje pod kierunkiem prof. dr hab. Oriany Masternak.<\/p>\n\n\n\n<p><\/p>\n\n\n\n<p>Julia jest artystk\u0105 o indywidualnym charakterze scenicznym, wyr\u00f3\u017cniaj\u0105c\u0105 si\u0119 jako jedna z najciekawszych postaci m\u0142odego pokolenia polskiej wiolinistyki. W 2023 roku zosta\u0142a zakwalifikowana do mistrzowskich kurs\u00f3w Kronberg Academy w Niemczech, gdzie pracowa\u0142a pod kierunkiem Miriam Fried. W tym samym roku zosta\u0142a r\u00f3wnie\u017c finalistk\u0105 Classeek Ambassador Programme w Szwajcarii oraz nominowan\u0105 do nagrody ICMA Classeek Award. Otrzyma\u0142a m.in. Julius Isserlis Scholarship przyznawane przez Royal Philharmonic Society, HMD Meyer Violin Prize oraz stypendium Ministra Kultury i Dziedzictwa Narodowego za wybitne osi\u0105gni\u0119cia artystyczne.<\/p>\n\n\n\n<p><\/p>\n\n\n\n<p>Jest laureatk\u0105 licznych konkurs\u00f3w skrzypcowych w Polsce i za granic\u0105, m.in. III nagrody na Eastbourne Young Soloist Competition w Wielkiej Brytanii, Grand Prix na Og\u00f3lnopolskich Przes\u0142uchaniach Kameralnych CEA w Warszawie, II miejsca na Og\u00f3lnopolskim Konkursie Skrzypcowym im. W. Serwaczy\u0144skiego w Lublinie, II nagrody na III Mi\u0119dzynarodowym Konkursie Skrzypcowym im. Jadwigi Kaliszewskiej w Poznaniu, IV miejsca na Og\u00f3lnopolskim Konkursie Skrzypcowym im. Rodziny Groblicz\u00f3w w Krakowie, I miejsca na Og\u00f3lnopolskim Konkursie \u201eRezonans\u201d, IV miejsca na X Mi\u0119dzynarodowym Konkursie im. Tadeusza Wro\u0144skiego w Pu\u0142awach oraz II nagrody w Konkursie \u201eTalents for Europe\u201d w Dolnym Kubinie.<\/p>\n\n\n\n<p>W latach 2021\u20132024 by\u0142a cz\u0142onkini\u0105 oraz wsp\u00f3\u0142za\u0142o\u017cycielk\u0105&nbsp;Astatine Piano Trio, z kt\u00f3rym zdoby\u0142a I nagrody w Virtuoso &amp; Belcanto International Chamber Music Competition w Lucca, Birmingham International Chamber Music Competition oraz Senior Intercollegiate Piano Trio Competition w Wielkiej Brytanii. Zesp\u00f3\u0142 zosta\u0142 wyr\u00f3\u017cniony SEAM Prize za zaanga\u017cowanie w muzyk\u0119 wsp\u00f3\u0142czesn\u0105 na CIMCL w Lyonie, zadebiutowa\u0142 w Wigmore Hall w 2022 roku oraz wyst\u0119powa\u0142 na antenie BBC Radio 3 \u201eIn Tune\u201d. Trio by\u0142o cz\u0119\u015bci\u0105 program\u00f3w Britten Pears Young Artist i European Chamber Music Academy, a tak\u017ce wsp\u00f3\u0142pracowa\u0142o prywatnie z pianist\u0105 Alfredem Brendelem w Londynie.<\/p>\n\n\n\n<p>Julia wyst\u0119powa\u0142a w presti\u017cowych salach koncertowych, takich jak Wigmore Hall, St James\u2019s Piccadilly, St Mary\u2019s Perivale, 22 Mansfield Street, ICE Congress Centre w Krakowie, Studio Koncertowe Polskiego Radia im. Witolda Lutos\u0142awskiego, Krzysztof Penderecki European Centre for Music, Auditorio de Tenerife, Bradshaw Hall w Birmingham oraz w Ambasadzie RP w Londynie. Bra\u0142a udzia\u0142 w kursach mistrzowskich prowadzonych przez wybitnych artyst\u00f3w, m.in. Maxima Vengerova, Alfreda Brendla, Alin\u0119 Ibragimov\u0105, Miriam Fried, Pavla Vernikova, Kaj\u0119 Danczowsk\u0105, Eszter Haffner, Guillaume\u2019a Sutre\u2019a, Francesc\u0119 Dego, Daniela Sepca, Krzysztofa W\u0119grzyna, Stanislava Pronina, Szymona Krzeszowca i Tasmin Little.<\/p>\n\n\n\n<p>Poza dzia\u0142alno\u015bci\u0105 klasyczn\u0105, od 2015 roku jest cz\u0142onkini\u0105, skrzypaczk\u0105 i aran\u017cerk\u0105 alternatywnego zespo\u0142u&nbsp;LOR. Grupa ma na koncie trzy albumy studyjne, a jej muzyka znalaz\u0142a si\u0119 m.in. w nominowanym do Oscara pe\u0142nometra\u017cowym filmie animowanym&nbsp;<em>Ch\u0142opi<\/em>&nbsp;oraz w serialach Netflixa&nbsp;<em>Open Your Eyes<\/em>&nbsp;i&nbsp;<em>Dru\u017cyna AA<\/em>. Zesp\u00f3\u0142 notuje obecnie ponad 500 000 miesi\u0119cznych s\u0142uchaczy na Spotify i regularnie koncertuje w Polsce oraz za granic\u0105.<\/p>\n\n\n\n<p>Rozw\u00f3j artystyczny Julii wspieraj\u0105 m.in. Nicholas Boas Charitable Trust, Royal Philharmonic Society, Talent Unlimited, Albert Cooper Trust, Fundacja Pro Musica Bona, Florian Leonhard Fine Violins, Instytut Adama Mickiewicza, Ma\u0142opolska Fundacja Stypendialna \u201eSapere Auso\u201d oraz Krajowy Fundusz na Rzecz Dzieci.<\/p>\n\n\n\n<p><\/p>\n","protected":false},"excerpt":{"rendered":"<p>Polska skrzypaczka urodzona w 2001 roku w Krakowie. Nauk\u0119 gry na skrzypcach rozpocz\u0119\u0142a w wieku siedmiu lat, a ju\u017c pi\u0119\u0107&#8230;<\/p>\n","protected":false},"featured_media":118,"template":"","class_list":["post-92","team_member","type-team_member","status-publish","has-post-thumbnail","hentry"],"_links":{"self":[{"href":"https:\/\/kss.amuz.krakow.pl\/index.php?rest_route=\/wp\/v2\/team_member\/92","targetHints":{"allow":["GET"]}}],"collection":[{"href":"https:\/\/kss.amuz.krakow.pl\/index.php?rest_route=\/wp\/v2\/team_member"}],"about":[{"href":"https:\/\/kss.amuz.krakow.pl\/index.php?rest_route=\/wp\/v2\/types\/team_member"}],"version-history":[{"count":3,"href":"https:\/\/kss.amuz.krakow.pl\/index.php?rest_route=\/wp\/v2\/team_member\/92\/revisions"}],"predecessor-version":[{"id":116,"href":"https:\/\/kss.amuz.krakow.pl\/index.php?rest_route=\/wp\/v2\/team_member\/92\/revisions\/116"}],"wp:featuredmedia":[{"embeddable":true,"href":"https:\/\/kss.amuz.krakow.pl\/index.php?rest_route=\/wp\/v2\/media\/118"}],"wp:attachment":[{"href":"https:\/\/kss.amuz.krakow.pl\/index.php?rest_route=%2Fwp%2Fv2%2Fmedia&parent=92"}],"curies":[{"name":"wp","href":"https:\/\/api.w.org\/{rel}","templated":true}]}}