{"id":41,"date":"2025-10-10T12:17:57","date_gmt":"2025-10-10T10:17:57","guid":{"rendered":"https:\/\/kss.amuz.krakow.pl\/?post_type=team_member&#038;p=41"},"modified":"2026-01-13T20:28:45","modified_gmt":"2026-01-13T19:28:45","slug":"prof-dr-hab-oriana-masternak","status":"publish","type":"team_member","link":"https:\/\/kss.amuz.krakow.pl\/?team_member=prof-dr-hab-oriana-masternak","title":{"rendered":"prof. dr hab. Oriana Masternak"},"content":{"rendered":"\n<p>Oriana Masternak\u00a0&#8211; skrzypaczka, kameralistka, organizatorka wydarze\u0144 artystycznych, Kierownik Katedry Skrzypiec i Alt\u00f3wki Akademii Muzycznej im. Krzysztofa Pendereckiego w Krakowie, profesorka sztuki (tytu\u0142 otrzyma\u0142a w wieku 39 lat jako jedna z najm\u0142odszych w Polsce).\u00a0<br>\u00a0<br>Wielokrotnie nagradzana interpretatorka i badaczka muzyki polskiej, zar\u00f3wno tej zapomnianej, jak i najnowszej. Artystka regularnie koncertuje jako solistka i, przede wszystkim, jako kameralistka w Azji, obu Amerykach i wi\u0119kszo\u015bci kraj\u00f3w Europy, prezentuj\u0105c wszechstronny repertuar obejmuj\u0105cy arcydzie\u0142a wszystkich epok oraz prawykonania utwor\u00f3w jej dedykowanych. Jak podkre\u015blaj\u0105 krytycy, jej gr\u0119 cechuje \u201epi\u0119kny d\u017awi\u0119k, niezwykle bogate barwy, nieskazitelna intonacja, naturalne frazowanie\u201d.<br>\u00a0<br>Dotychczas zagra\u0142a ponad\u00a0700 koncert\u00f3w, m.in. na takich festiwalach, jak Norfolk Chamber Music Festival (USA), FestivalPablo Casals (Prades), Mozartiade (Augsburg), Kalkalpen Festival (Grossraming), Pacific Music Festival (Sapporo), 21. Fr\u00fchling Wiener Festival (Konzerthaus, Wiede\u0144), Warszawska Jesie\u0144 czy Sacrum Profanum. W styczniu 2012 roku Oriana wyst\u0119powa\u0142a w s\u0142ynnej sali\u00a0Musikverein\u00a0w Wiedniu, w listopadzie 2014 roku w Muzeum im. Puszkina w Moskwie, za\u015b w grudniu 2015 roku w nowojorskiej\u00a0Carnegie Hall. Jesieni\u0105 2019 roku zosta\u0142a zaproszona do wykonania 13 recitali z muzyk\u0105 polsk\u0105 w najbardziej presti\u017cowych salach koncertowych Chin (przy fortepianie\u00a0Justyna Danczowska).<br>Jako solistka wyst\u0119powa\u0142a z towarzyszeniem zespo\u0142\u00f3w orkiestrowych pod dyrekcj\u0105 m.in. Macieja Tworka, Marka Mosia, Ernsta Kovacica. Lilianny Krych czy Marii Bazou. Dokona\u0142a prawie\u00a050 prawykona\u0144\u00a0muzyki najnowszej tw\u00f3rc\u00f3w polskich i zagranicznych. Od 2014 roku wsp\u00f3\u0142tworzy\u00a0Messages Quartet\u00a0\u2013 jeden z czo\u0142owych polskich kwartet\u00f3w smyczkowych.<br>\u00a0<br>Zdobywczyni\u00a0szeregu nagr\u00f3d\u00a0na konkursach krajowych i mi\u0119dzynarodowych, m.in. w Bu\u0142garii, Nowym Jorku, Wiedniu, Holandii i we W\u0142oszech oraz w Krakowie i \u0141odzi. Jest tak\u017ce stypendystk\u0105 rozmaitych organizacji, m.in. Programu Stypendialnego \u201eM\u0142oda Polska\u201d, Ministerstwa Kultury i Dziedzictwa Narodowego RP, European Chamber Music Academy, Louise Willson Scholarship (Yale University, USA), Pacific Music Festival w Japonii, Instytutu Adama Mickiewicza, firmy Thomastik Infeld, Ma\u0142opolskiej Fundacji Stypendialnej \u201eSapere Auso\u201d, Stypendium Tw\u00f3rczego Miasta Krakowa. Wielokrotnie nominowana do nagr\u00f3d Fryderyk, w 2022 r. wraz z Messages Quartet zdoby\u0142a g\u0142\u00f3wn\u0105 nagrod\u0119 Mi\u0119dzynarodowego Konkursu \u201eMuzyczne Or\u0142y\u201d, a rok p\u00f3\u017aniej kwartet zosta\u0142 nominowany do Koryfeusza Muzyki Polskiej w kategorii Osobowo\u015b\u0107 Roku. W 2023 r. odznaczona Odznak\u0105 Honorow\u0105 \u201eZas\u0142u\u017cony dla Kultury Polskiej\u201d, a w 2024 r. ponownie laureatka konkursu \u201eMuzyczne Or\u0142y\u201d.<br>\u00a0<br>Studiowa\u0142a w Akademii Muzycznej w Krakowie (dyplom z wyr\u00f3\u017cnieniem w klasie Prof. Romana Reinera), Koninklijk Conservatorium w Brukseli, European Chamber Music Academy, Yale School of Music (USA) oraz w Universit\u00e4t f\u00fcr Musik und darstellende Kunst w Wiedniu. Do jej artystycznych mistrz\u00f3w nale\u017c\u0105 Johannes Meissl, Katalin Sebestyen, Ma\u0142gorzata Skorupa, Magdalena Szczepanowska oraz Tokyo Quartet.<br>\u00a0<br>Wielokrotnie\u00a0nagrywa\u0142a\u00a0dla Polskiego Radia (m.in. w ramach cyklu \u201eMiejsc\u00f3wka z Dw\u00f3jk\u0105\u201d) i telewizji. Jest stale obecna w mediach udzielaj\u0105c wywiad\u00f3w dla Programu 2 Polskiego Radia, Radia Krak\u00f3w, Radia Krak\u00f3w Kultura, TV Krak\u00f3w, TV Wroc\u0142aw oraz innych tytu\u0142\u00f3w prasowych. Posiada bogaty dorobek fonograficzny obejmuj\u0105cy ponad\u00a015 album\u00f3w.\u00a0W 2014 r. nak\u0142adem wydawnictwa Akademii Muzycznej w Krakowie ukaza\u0142a si\u0119 debiutancka p\u0142yta artystki z utworami na skrzypce i fortepian Luciena Durosoira (przy fortepianie S\u0142awomir Cierpik), za\u015b rok 2017 zaowocowa\u0142 albumem \u201ePhilipp Scharwenka. Music for violin and piano\u201d wydanym nak\u0142adem wydawnictwa Acte Prealable (przy fortepianie S\u0142awomir Cierpik). Oriana nagrywa\u0142a tak\u017ce dla Wydawnictwa DUX (Komplet Kwartet\u00f3w smyczkowych S. Laksa w wykonaniu Messages Quartet oraz album \u201eMessages\u201d), SOLITON czy Wydawnictwa UMFC. W 2021 roku nak\u0142adem wydawnictwa DUX ukaza\u0142y si\u0119 dwa albumy: \u201eParallels\u201d (przy fortepianie Justyna Danczowska) oraz nominowany do nagr\u00f3d Akademii Fonograficznej Fryderyk \u201eBacewicz\/Tansman \u2013 Piano Quintets\u201d (Julia Kociuban i Messages Quartet). W roku 2023 nak\u0142adem wydawnictwa DUX ukaza\u0142 si\u0119 album zawieraj\u0105cy polskie kwintety klarnetowe (Piotr Lato i Messages Quartet).\u00a0<br>\u00a0<br>Jako\u00a0animatorka \u017cycia muzycznego\u00a0ma na koncie blisko 30 zrealizowanych przedsi\u0119wzi\u0119\u0107 (koncert\u00f3w, sesji naukowo-artystycznych, inicjatyw kulturalnych). Jest pomys\u0142odawczyni\u0105 i organizatork\u0105 cyklu \u201eMuzyczne interwencje\u201d oraz \u201ePrzedwio\u015bnie m\u0142odych\u201d, konferencji \u201eOblicza skrzypiec\u201d, festiwalu \u201eA due\u201d oraz wielu pojedynczych wydarze\u0144. Regularnie publikuje w \u201eRuchu Muzycznym\u201d. Swoj\u0105 dzia\u0142alno\u015b\u0107\u00a0badawcz\u0105\u00a0skupia wok\u00f3\u0142 mniej znanej muzyki polskiej oraz krakowskiej tradycji wiolinistycznej. W 2024 roku otrzyma\u0142a presti\u017cowy grant naukowy w programie Sonata Bis Narodowego Centrum Nauki i rozpocz\u0119\u0142a realizacj\u0119 projektu \u201eKrakowska Szko\u0142a Skrzypcowa \u2013 geneza, idiom, perspektywy rozwoju\u201d, kt\u00f3ry bada niemal 140-letni\u0105 tradycj\u0119 wykonawcz\u0105 krakowskiego \u015brodowiska skrzypcowego. Projekt obejmuje opracowanie materia\u0142\u00f3w \u017ar\u00f3d\u0142owych, nagra\u0144 i wywiad\u00f3w oraz dokumentacj\u0119 interpretacji wsp\u00f3\u0142czesnych skrzypk\u00f3w, udost\u0119pniaj\u0105c unikatow\u0105 wiedz\u0119 o Krakowskiej Szkole Skrzypcowej szerokiemu gronu odbiorc\u00f3w.<br>\u00a0<br>Oriana Masternak prowadzi swoj\u0105\u00a0klas\u0119 skrzypiec w krakowskiej Akademii Muzycznej. By\u0142a tak\u017ce jurork\u0105 Og\u00f3lnopolskiego Konkursu Skrzypcowego im. Z. Jahnkego w Poznaniu, Og\u00f3lnopolskiego Konkursu Skrzypcowego im. Eugenii Umi\u0144skiej w Krakowie, Makroregionalnych Przes\u0142ucha\u0144 Kameralnych Szk\u00f3\u0142 II st. w Gda\u0144sku, Mi\u0119dzynarodowego Konkursu Interpretacji Muzycznej w Krasiczynie, Mi\u0119dzynarodowego Konkursu Muzycznego \u201eOPUS\u201d, Mi\u0119dzyuczelnianego Konkursu Skrzypcowego im. J. Staniendy w Warszawie, Mi\u0119dzynarodowego Konkursu Skrzypcowego \u201eJanko Muzykant\u201d w Sochaczewie oraz Og\u00f3lnopolskiego Konkursu M\u0142odych Instrumentalist\u00f3w w Ja\u015ble. Prowadzi\u0142a kursy mistrzowskie w Polsce i za granic\u0105 (m.in. w Hiszpanii, Gruzji i Brazylii). Rokrocznie jest wyk\u0142adowc\u0105 Ma\u0142opolskiej Akademii Talent\u00f3w w \u0141\u0105cku, a tak\u017ce Mi\u0119dzynarodowych Kurs\u00f3w Muzycznych w \u0141a\u0144cucie, Letniej Akademii Muzycznej w Krakowie oraz Kurs\u00f3w \u201eJak Wieniawski\u201d w Kazimierzu.<br>\u00a0<br>Jako artystka i pedagog Oriana Masternak kieruje si\u0119 przekonaniem, \u017ce muzyka powinna by\u0107 osadzona we wsp\u00f3\u0142czesno\u015bci, a jednocze\u015bnie wierna historycznym kontekstom. Postrzega sztuk\u0119 jako j\u0119zyk \u2013 m\u00f3wi\u0105cy, przekazuj\u0105cy emocje, a jednocze\u015bnie prowadz\u0105cy s\u0142uchacza w spos\u00f3b przemy\u015blany i \u015bwiadomy. Jak sama podkre\u015bla: \u201eWykonawstwo to odpowiedzialno\u015b\u0107. Naszym zadaniem jest pokaza\u0107 ka\u017cd\u0105 muzyk\u0119 w spos\u00f3b, kt\u00f3ry zachwyci s\u0142uchacza. Jestem osob\u0105, kt\u00f3ra lubi wiedzie\u0107. Studiuj\u0119 traktaty i literatur\u0119 muzyczn\u0105, poniewa\u017c im wi\u0119cej wiem, tym bardziej wolna si\u0119 czuj\u0119 \u2013 a ta wolno\u015b\u0107 pozwala mi przekazywa\u0107 muzyk\u0119 w spos\u00f3b \u015bwiadomy, pe\u0142en wyrazu i prawdziwej intencji kompozytora.\u201d\u00a0<br><br>Artystka gra na instrumencie Sebastiana Lang z 1788 r.<br>\u00a0<br>orianamasternak.com<\/p>\n","protected":false},"excerpt":{"rendered":"<p>Oriana Masternak\u00a0&#8211; skrzypaczka, kameralistka, organizatorka wydarze\u0144 artystycznych, Kierownik Katedry Skrzypiec i Alt\u00f3wki Akademii Muzycznej im. Krzysztofa Pendereckiego w Krakowie, profesorka&#8230;<\/p>\n","protected":false},"featured_media":75,"template":"","class_list":["post-41","team_member","type-team_member","status-publish","has-post-thumbnail","hentry"],"_links":{"self":[{"href":"https:\/\/kss.amuz.krakow.pl\/index.php?rest_route=\/wp\/v2\/team_member\/41","targetHints":{"allow":["GET"]}}],"collection":[{"href":"https:\/\/kss.amuz.krakow.pl\/index.php?rest_route=\/wp\/v2\/team_member"}],"about":[{"href":"https:\/\/kss.amuz.krakow.pl\/index.php?rest_route=\/wp\/v2\/types\/team_member"}],"version-history":[{"count":6,"href":"https:\/\/kss.amuz.krakow.pl\/index.php?rest_route=\/wp\/v2\/team_member\/41\/revisions"}],"predecessor-version":[{"id":143,"href":"https:\/\/kss.amuz.krakow.pl\/index.php?rest_route=\/wp\/v2\/team_member\/41\/revisions\/143"}],"wp:featuredmedia":[{"embeddable":true,"href":"https:\/\/kss.amuz.krakow.pl\/index.php?rest_route=\/wp\/v2\/media\/75"}],"wp:attachment":[{"href":"https:\/\/kss.amuz.krakow.pl\/index.php?rest_route=%2Fwp%2Fv2%2Fmedia&parent=41"}],"curies":[{"name":"wp","href":"https:\/\/api.w.org\/{rel}","templated":true}]}}